{"id":1274,"date":"2020-08-15T14:32:27","date_gmt":"2020-08-15T14:32:27","guid":{"rendered":"http:\/\/www.terciariascapuchinas.es\/\/?page_id=1274"},"modified":"2021-03-28T18:24:40","modified_gmt":"2021-03-28T18:24:40","slug":"valores-de-nuestro-ser","status":"publish","type":"page","link":"https:\/\/www.terciariascapuchinas.org\/it\/quienes-somos\/carisma-y-espiritualidad\/valores-de-nuestro-ser\/","title":{"rendered":"Valores Fundamentales"},"content":{"rendered":"\t\t<div data-elementor-type=\"wp-page\" data-elementor-id=\"1274\" class=\"elementor elementor-1274\">\n\t\t\t\t\t\t<div class=\"elementor-inner\">\n\t\t\t\t<div class=\"elementor-section-wrap\">\n\t\t\t\t\t\t\t\t\t<section class=\"elementor-section elementor-top-section elementor-element elementor-element-16d5c8b elementor-section-boxed elementor-section-height-default elementor-section-height-default\" data-id=\"16d5c8b\" data-element_type=\"section\" data-settings=\"{&quot;background_background&quot;:&quot;classic&quot;}\">\n\t\t\t\t\t\t<div class=\"elementor-container elementor-column-gap-default\">\n\t\t\t\t\t\t\t<div class=\"elementor-row\">\n\t\t\t\t\t<div class=\"elementor-column elementor-col-100 elementor-top-column elementor-element elementor-element-e9e9ad8\" data-id=\"e9e9ad8\" data-element_type=\"column\">\n\t\t\t<div class=\"elementor-column-wrap elementor-element-populated\">\n\t\t\t\t\t\t\t<div class=\"elementor-widget-wrap\">\n\t\t\t\t\t\t<div class=\"elementor-element elementor-element-c69cf47 elementor-align-left elementor-icon-list--layout-traditional elementor-list-item-link-full_width elementor-widget elementor-widget-icon-list\" data-id=\"c69cf47\" data-element_type=\"widget\" data-widget_type=\"icon-list.default\">\n\t\t\t\t<div class=\"elementor-widget-container\">\n\t\t\t\t\t<ul class=\"elementor-icon-list-items\">\n\t\t\t\t\t\t\t<li class=\"elementor-icon-list-item\">\n\t\t\t\t\t\t\t\t\t\t\t<span class=\"elementor-icon-list-icon\">\n\t\t\t\t\t\t\t<i aria-hidden=\"true\" class=\"fas fa-pray\"><\/i>\t\t\t\t\t\t<\/span>\n\t\t\t\t\t\t\t\t\t\t<span class=\"elementor-icon-list-text\">Valori fondamentali della nostra forma di vita<\/span>\n\t\t\t\t\t\t\t\t\t<\/li>\n\t\t\t\t\t\t<\/ul>\n\t\t\t\t<\/div>\n\t\t\t\t<\/div>\n\t\t\t\t<div class=\"elementor-element elementor-element-09b81e9 elementor-widget elementor-widget-heading\" data-id=\"09b81e9\" data-element_type=\"widget\" data-widget_type=\"heading.default\">\n\t\t\t\t<div class=\"elementor-widget-container\">\n\t\t\t<h2 class=\"elementor-heading-title elementor-size-default\">\u201cCon un abbandono totale e gratuito, seguiamo Ges\u00f9 Cristo attraverso i voti di obbedienza, povert\u00e0 e castit\u00e0\u201d (cf. Cost. 2). \"La nostra forma di vita e regola suprema \u00e8 osservare il Santo Vangelo in comunit\u00e0 fraterna, minorit\u00e0 e penitenza, in comunione con la Chiesa e nella fedelt\u00e0 al nostro carisma che \u00e8 espresso nelle Costituzioni\" (cf. Cost. 3).<\/h2>\t\t<\/div>\n\t\t\t\t<\/div>\n\t\t\t\t<div class=\"elementor-element elementor-element-fd10300 elementor-widget elementor-widget-heading\" data-id=\"fd10300\" data-element_type=\"widget\" data-widget_type=\"heading.default\">\n\t\t\t\t<div class=\"elementor-widget-container\">\n\t\t\t<h2 class=\"elementor-heading-title elementor-size-default\">Per noi francescani, la vita stessa diventa missione ed \u00e8 accompagnata da opere concrete a servizio degli altri e secondo no stile proprio. La nostra Congregazione attinge alla spiritualit\u00e0 di Francesco d'Assisi, trasmessaci da Luigi Amig\u00f3, innamorato e fedele fino alla morte della sua vocazione francescano-cappuccina ed il nostro Carisma sottolinea in modo speciale la dimensione misericordiosa dell'amore.<\/h2>\t\t<\/div>\n\t\t\t\t<\/div>\n\t\t\t\t<div class=\"elementor-element elementor-element-5c041d5 elementor-widget elementor-widget-spacer\" data-id=\"5c041d5\" data-element_type=\"widget\" data-widget_type=\"spacer.default\">\n\t\t\t\t<div class=\"elementor-widget-container\">\n\t\t\t\t\t<div class=\"elementor-spacer\">\n\t\t\t<div class=\"elementor-spacer-inner\"><\/div>\n\t\t<\/div>\n\t\t\t\t<\/div>\n\t\t\t\t<\/div>\n\t\t\t\t<div class=\"elementor-element elementor-element-8112dd5 elementor-widget elementor-widget-heading\" data-id=\"8112dd5\" data-element_type=\"widget\" data-widget_type=\"heading.default\">\n\t\t\t\t<div class=\"elementor-widget-container\">\n\t\t\t<h2 class=\"elementor-heading-title elementor-size-default\">Seguiamo Ges\u00f9 Cristo allo stile di Francesco d\u2019Assisi e Luis Amig\u00f3<\/h2>\t\t<\/div>\n\t\t\t\t<\/div>\n\t\t\t\t<div class=\"elementor-element elementor-element-9b614bc elementor-widget elementor-widget-heading\" data-id=\"9b614bc\" data-element_type=\"widget\" data-widget_type=\"heading.default\">\n\t\t\t\t<div class=\"elementor-widget-container\">\n\t\t\t<h2 class=\"elementor-heading-title elementor-size-default\">La unica ricchezza di Francesco d'Assisi era il Cristo del Vangelo e il nostro Fondatore ce ne ha trasmesso lo spirito sia con l\u2019esempio di vita che nei suoi scritti, proponendoci la sequela di Cristo, come elemento fondamentale ed essenziale. Guardiamo Cristo come inseparabile dal Padre, incarnato, povero, umile, crocifisso e risorto, Buon Pastore e Redentore.<\/h2>\t\t<\/div>\n\t\t\t\t<\/div>\n\t\t\t\t<div class=\"elementor-element elementor-element-6a7bdbc elementor-widget elementor-widget-text-editor\" data-id=\"6a7bdbc\" data-element_type=\"widget\" data-widget_type=\"text-editor.default\">\n\t\t\t\t<div class=\"elementor-widget-container\">\n\t\t\t\t\t\t\t\t<div class=\"elementor-text-editor elementor-clearfix\">\n\t\t\t\t<p><img loading=\"lazy\" class=\"alignnone wp-image-3963 size-full\" src=\"https:\/\/www.terciariascapuchinas.es\/wp-content\/uploads\/2020\/12\/cruz-de-san-damiano-original.jpg\" alt=\"\" width=\"1024\" height=\"770\" srcset=\"https:\/\/www.terciariascapuchinas.org\/it\/wp-content\/uploads\/2020\/12\/cruz-de-san-damiano-original.jpg 1024w, https:\/\/www.terciariascapuchinas.org\/it\/wp-content\/uploads\/2020\/12\/cruz-de-san-damiano-original-300x226.jpg 300w, https:\/\/www.terciariascapuchinas.org\/it\/wp-content\/uploads\/2020\/12\/cruz-de-san-damiano-original-768x578.jpg 768w\" sizes=\"(max-width: 1024px) 100vw, 1024px\" \/><\/p>\t\t\t\t\t<\/div>\n\t\t\t\t\t\t<\/div>\n\t\t\t\t<\/div>\n\t\t\t\t<div class=\"elementor-element elementor-element-99931f5 elementor-widget elementor-widget-spacer\" data-id=\"99931f5\" data-element_type=\"widget\" data-widget_type=\"spacer.default\">\n\t\t\t\t<div class=\"elementor-widget-container\">\n\t\t\t\t\t<div class=\"elementor-spacer\">\n\t\t\t<div class=\"elementor-spacer-inner\"><\/div>\n\t\t<\/div>\n\t\t\t\t<\/div>\n\t\t\t\t<\/div>\n\t\t\t\t<div class=\"elementor-element elementor-element-564d294 elementor-widget elementor-widget-heading\" data-id=\"564d294\" data-element_type=\"widget\" data-widget_type=\"heading.default\">\n\t\t\t\t<div class=\"elementor-widget-container\">\n\t\t\t<h2 class=\"elementor-heading-title elementor-size-default\">In comunit\u00e0 fraterna<\/h2>\t\t<\/div>\n\t\t\t\t<\/div>\n\t\t\t\t<div class=\"elementor-element elementor-element-9394730 elementor-widget elementor-widget-heading\" data-id=\"9394730\" data-element_type=\"widget\" data-widget_type=\"heading.default\">\n\t\t\t\t<div class=\"elementor-widget-container\">\n\t\t\t<h2 class=\"elementor-heading-title elementor-size-default\">Viviamo la sequela di Cristo nella fraternit\u00e0 che \u00e8 il luogo d\u2019incontro in cui le sorelle ci accompagniamo mutuamente e condividiamo la gioia della nostra chiamata. La fraternit\u00e0 \u00e8, allo stesso tempo, un dono e un impegno; in essa celebriamo Ges\u00f9 Cristo, e viviamo in umile servizio, in obbedienza reciproca e come sorelle ugualio tra di s\u00e9. <\/h2>\t\t<\/div>\n\t\t\t\t<\/div>\n\t\t\t\t<div class=\"elementor-element elementor-element-32f4000 elementor-widget elementor-widget-text-editor\" data-id=\"32f4000\" data-element_type=\"widget\" data-widget_type=\"text-editor.default\">\n\t\t\t\t<div class=\"elementor-widget-container\">\n\t\t\t\t\t\t\t\t<div class=\"elementor-text-editor elementor-clearfix\">\n\t\t\t\t<p><img loading=\"lazy\" class=\"alignnone wp-image-3961 size-full\" src=\"https:\/\/www.terciariascapuchinas.es\/wp-content\/uploads\/2020\/12\/2.-Junioras-Comunio\u0301n-fraterna.jpg\" alt=\"\" width=\"2048\" height=\"1152\" srcset=\"https:\/\/www.terciariascapuchinas.org\/it\/wp-content\/uploads\/2020\/12\/2.-Junioras-Comunio\u0301n-fraterna.jpg 2048w, https:\/\/www.terciariascapuchinas.org\/it\/wp-content\/uploads\/2020\/12\/2.-Junioras-Comunio\u0301n-fraterna-300x169.jpg 300w, https:\/\/www.terciariascapuchinas.org\/it\/wp-content\/uploads\/2020\/12\/2.-Junioras-Comunio\u0301n-fraterna-1024x576.jpg 1024w, https:\/\/www.terciariascapuchinas.org\/it\/wp-content\/uploads\/2020\/12\/2.-Junioras-Comunio\u0301n-fraterna-768x432.jpg 768w, https:\/\/www.terciariascapuchinas.org\/it\/wp-content\/uploads\/2020\/12\/2.-Junioras-Comunio\u0301n-fraterna-1536x864.jpg 1536w, https:\/\/www.terciariascapuchinas.org\/it\/wp-content\/uploads\/2020\/12\/2.-Junioras-Comunio\u0301n-fraterna-1200x675.jpg 1200w, https:\/\/www.terciariascapuchinas.org\/it\/wp-content\/uploads\/2020\/12\/2.-Junioras-Comunio\u0301n-fraterna-1980x1114.jpg 1980w\" sizes=\"(max-width: 2048px) 100vw, 2048px\" \/><\/p>\t\t\t\t\t<\/div>\n\t\t\t\t\t\t<\/div>\n\t\t\t\t<\/div>\n\t\t\t\t<div class=\"elementor-element elementor-element-9829044 elementor-widget elementor-widget-spacer\" data-id=\"9829044\" data-element_type=\"widget\" data-widget_type=\"spacer.default\">\n\t\t\t\t<div class=\"elementor-widget-container\">\n\t\t\t\t\t<div class=\"elementor-spacer\">\n\t\t\t<div class=\"elementor-spacer-inner\"><\/div>\n\t\t<\/div>\n\t\t\t\t<\/div>\n\t\t\t\t<\/div>\n\t\t\t\t<div class=\"elementor-element elementor-element-6102aa7 elementor-widget elementor-widget-heading\" data-id=\"6102aa7\" data-element_type=\"widget\" data-widget_type=\"heading.default\">\n\t\t\t\t<div class=\"elementor-widget-container\">\n\t\t\t<h2 class=\"elementor-heading-title elementor-size-default\">In minorit\u00e0<\/h2>\t\t<\/div>\n\t\t\t\t<\/div>\n\t\t\t\t<div class=\"elementor-element elementor-element-08104ef elementor-widget elementor-widget-heading\" data-id=\"08104ef\" data-element_type=\"widget\" data-widget_type=\"heading.default\">\n\t\t\t\t<div class=\"elementor-widget-container\">\n\t\t\t<h2 class=\"elementor-heading-title elementor-size-default\">Vivere la minorit\u00e0 francescana implica vivere la semplicit\u00e0 evangelica e con un atteggiamento di servizio. Essere minore equivale ad essere un servo, piccolo, povero, semplice, umile, soggetto agli altri e al loro servizio, disponibile e senza aspirare a dominare. La minorit\u00e0 come insieme di atteggiamenti evangelici si traduce per noi in obbedienza, povert\u00e0, umilt\u00e0 e fiducia nella Provvidenza, ci porta a impegnarci preferenzialmente per i pi\u00f9 poveri e bisognosi, la giustizia, la pace, la difesa della vita e la cura del creato.<\/h2>\t\t<\/div>\n\t\t\t\t<\/div>\n\t\t\t\t<div class=\"elementor-element elementor-element-a11ecbb elementor-widget elementor-widget-text-editor\" data-id=\"a11ecbb\" data-element_type=\"widget\" data-widget_type=\"text-editor.default\">\n\t\t\t\t<div class=\"elementor-widget-container\">\n\t\t\t\t\t\t\t\t<div class=\"elementor-text-editor elementor-clearfix\">\n\t\t\t\t<p><img loading=\"lazy\" class=\"alignnone wp-image-3962 size-full\" src=\"https:\/\/www.terciariascapuchinas.es\/wp-content\/uploads\/2020\/12\/3.-Lavatorio-de-los-pies.jpg\" alt=\"\" width=\"374\" height=\"512\" srcset=\"https:\/\/www.terciariascapuchinas.org\/it\/wp-content\/uploads\/2020\/12\/3.-Lavatorio-de-los-pies.jpg 374w, https:\/\/www.terciariascapuchinas.org\/it\/wp-content\/uploads\/2020\/12\/3.-Lavatorio-de-los-pies-219x300.jpg 219w\" sizes=\"(max-width: 374px) 100vw, 374px\" \/><\/p>\t\t\t\t\t<\/div>\n\t\t\t\t\t\t<\/div>\n\t\t\t\t<\/div>\n\t\t\t\t<div class=\"elementor-element elementor-element-7ae59fe elementor-widget elementor-widget-spacer\" data-id=\"7ae59fe\" data-element_type=\"widget\" data-widget_type=\"spacer.default\">\n\t\t\t\t<div class=\"elementor-widget-container\">\n\t\t\t\t\t<div class=\"elementor-spacer\">\n\t\t\t<div class=\"elementor-spacer-inner\"><\/div>\n\t\t<\/div>\n\t\t\t\t<\/div>\n\t\t\t\t<\/div>\n\t\t\t\t<div class=\"elementor-element elementor-element-1bf2d06 elementor-widget elementor-widget-heading\" data-id=\"1bf2d06\" data-element_type=\"widget\" data-widget_type=\"heading.default\">\n\t\t\t\t<div class=\"elementor-widget-container\">\n\t\t\t<h2 class=\"elementor-heading-title elementor-size-default\">Penitenza-conversione<\/h2>\t\t<\/div>\n\t\t\t\t<\/div>\n\t\t\t\t<div class=\"elementor-element elementor-element-5505323 elementor-widget elementor-widget-heading\" data-id=\"5505323\" data-element_type=\"widget\" data-widget_type=\"heading.default\">\n\t\t\t\t<div class=\"elementor-widget-container\">\n\t\t\t<h2 class=\"elementor-heading-title elementor-size-default\">Lo spirito di penitenza e continua conversione \u00e8 componente essenziali del nostro Carisma. La penitenza consiste soprattutto in un cambio di mentalit\u00e0. Essere penitenti come Francesco, Chiara e Luigi Amig\u00f3 ci porta a far s\u00ec che Dio sia il nostro bene, il sommo bene, l\u2019unico bene... (cf. LodAl. 3), relativizzando ogni altro valore ed interesse, facendo proprio uno stile di vita orante, austero, fraterno e di servizio incondizionato ai fratelli e alle sorelle, sapendo che siamo creature nelle mani del Creatore.<\/h2>\t\t<\/div>\n\t\t\t\t<\/div>\n\t\t\t\t<div class=\"elementor-element elementor-element-421f843 elementor-widget elementor-widget-spacer\" data-id=\"421f843\" data-element_type=\"widget\" data-widget_type=\"spacer.default\">\n\t\t\t\t<div class=\"elementor-widget-container\">\n\t\t\t\t\t<div class=\"elementor-spacer\">\n\t\t\t<div class=\"elementor-spacer-inner\"><\/div>\n\t\t<\/div>\n\t\t\t\t<\/div>\n\t\t\t\t<\/div>\n\t\t\t\t<div class=\"elementor-element elementor-element-69a0a46 elementor-widget elementor-widget-heading\" data-id=\"69a0a46\" data-element_type=\"widget\" data-widget_type=\"heading.default\">\n\t\t\t\t<div class=\"elementor-widget-container\">\n\t\t\t<h2 class=\"elementor-heading-title elementor-size-default\">In fedelt\u00e0 alla Chiesa<\/h2>\t\t<\/div>\n\t\t\t\t<\/div>\n\t\t\t\t<div class=\"elementor-element elementor-element-1e9d3de elementor-widget elementor-widget-heading\" data-id=\"1e9d3de\" data-element_type=\"widget\" data-widget_type=\"heading.default\">\n\t\t\t\t<div class=\"elementor-widget-container\">\n\t\t\t<h2 class=\"elementor-heading-title elementor-size-default\">San Francesco percepiva la presenza viva di Ges\u00f9 nella sua Chiesa nella persona del \u201cPapa della Chiesa Romana\u201d che chiamava per il suo nome proprio, (cf. 2R 2), del Vescovo, del teologo e persino del pi\u00fa povero sacerdote (cf. Test 6). Padre Luigi Amig\u00f3 fond\u03cc la nostra Congregazione in profonda comunione con la Chiesa, visse come un figlio a lei obbediente e si fece messaggero dell\u2019amore, sottomissione, rispetto, collaborazione, approfondimento della sua dottrina, accoglienza delle sue iniziative e suggerimenti, invitando noi sorelle a dar testimonianza di comunione, come sue membra vive. <\/h2>\t\t<\/div>\n\t\t\t\t<\/div>\n\t\t\t\t<div class=\"elementor-element elementor-element-867be4b elementor-widget elementor-widget-spacer\" data-id=\"867be4b\" data-element_type=\"widget\" data-widget_type=\"spacer.default\">\n\t\t\t\t<div class=\"elementor-widget-container\">\n\t\t\t\t\t<div class=\"elementor-spacer\">\n\t\t\t<div class=\"elementor-spacer-inner\"><\/div>\n\t\t<\/div>\n\t\t\t\t<\/div>\n\t\t\t\t<\/div>\n\t\t\t\t<div class=\"elementor-element elementor-element-2b35fee elementor-widget elementor-widget-heading\" data-id=\"2b35fee\" data-element_type=\"widget\" data-widget_type=\"heading.default\">\n\t\t\t\t<div class=\"elementor-widget-container\">\n\t\t\t<h2 class=\"elementor-heading-title elementor-size-default\">Vita apostolica<\/h2>\t\t<\/div>\n\t\t\t\t<\/div>\n\t\t\t\t<div class=\"elementor-element elementor-element-e986ae5 elementor-widget elementor-widget-heading\" data-id=\"e986ae5\" data-element_type=\"widget\" data-widget_type=\"heading.default\">\n\t\t\t\t<div class=\"elementor-widget-container\">\n\t\t\t<h2 class=\"elementor-heading-title elementor-size-default\">La nostra missione apostolica non \u00e8 altra cosa che la proiezione della nostra \"forma di vita\" plasmata nelle nostre Regola e Costituzioni.\nCome autentica comunit\u00e0 evangelica ci sentiamo spinte dallo Spirito Santo a collaborare alla missione di salvezza della Chiesa che ci invia al mondo come presenza del Signore ed a portarvi la pace (cf. Cost. 57). Evangelizziamo \"con la testimonianza della nostra vita, l'esercizio della carit\u00e0 e l'annuncio della Parola a chiunque abbia hanno bisogno di noi, soprattutto ai pi\u00f9 poveri e bisognosi\" (cf. Cost. 4).\nTutta la nostra vita e missione devono essere caratterizzate dall\u2019atteggiamento proprio del Buon Pastore e dallo spirito della Sacra Famiglia.\n\n<\/h2>\t\t<\/div>\n\t\t\t\t<\/div>\n\t\t\t\t<div class=\"elementor-element elementor-element-f4e37ab elementor-widget elementor-widget-spacer\" data-id=\"f4e37ab\" data-element_type=\"widget\" data-widget_type=\"spacer.default\">\n\t\t\t\t<div class=\"elementor-widget-container\">\n\t\t\t\t\t<div class=\"elementor-spacer\">\n\t\t\t<div class=\"elementor-spacer-inner\"><\/div>\n\t\t<\/div>\n\t\t\t\t<\/div>\n\t\t\t\t<\/div>\n\t\t\t\t<div class=\"elementor-element elementor-element-7bb0010 elementor-widget elementor-widget-heading\" data-id=\"7bb0010\" data-element_type=\"widget\" data-widget_type=\"heading.default\">\n\t\t\t\t<div class=\"elementor-widget-container\">\n\t\t\t<h2 class=\"elementor-heading-title elementor-size-default\">Con l'atteggiamento del Buon Pastore<\/h2>\t\t<\/div>\n\t\t\t\t<\/div>\n\t\t\t\t<div class=\"elementor-element elementor-element-bdb1a18 elementor-widget elementor-widget-heading\" data-id=\"bdb1a18\" data-element_type=\"widget\" data-widget_type=\"heading.default\">\n\t\t\t\t<div class=\"elementor-widget-container\">\n\t\t\t<h2 class=\"elementor-heading-title elementor-size-default\">Ges\u00f9 Cristo \u00e8 l'unico Pastore che conosce le proprie pecore, le ama e, in obbedienza al mandato ricevuto dal Padre, mette in pericolo la propria vita fino a donarla del tutto. Il nostro Padre Fondatore che si caratterizz\u00f2 per la sua sensibilit\u00e0 e dedizione agli esclusi, fece proprio, nella sua vita, questo stesso atteggiamento. Scelse il Buon Pastore come guida ed espressione del suo ministero episcopale scegliendo come motto episcopale fu: \"Io do la vita per le mie pecore\". Noi sorelle cerchiamo di assumere questo atteggiamento annunciando e costruendo la pace, andando a cercare i cuori attraverso il dialogo, il rispetto, l'ascolto e la comprensione ed uscendo per incontrare gli esclusi, gli ultimi, gli scartati...<\/h2>\t\t<\/div>\n\t\t\t\t<\/div>\n\t\t\t\t<div class=\"elementor-element elementor-element-5b0d8e5 elementor-widget elementor-widget-spacer\" data-id=\"5b0d8e5\" data-element_type=\"widget\" data-widget_type=\"spacer.default\">\n\t\t\t\t<div class=\"elementor-widget-container\">\n\t\t\t\t\t<div class=\"elementor-spacer\">\n\t\t\t<div class=\"elementor-spacer-inner\"><\/div>\n\t\t<\/div>\n\t\t\t\t<\/div>\n\t\t\t\t<\/div>\n\t\t\t\t<div class=\"elementor-element elementor-element-fc9d7bd elementor-widget elementor-widget-heading\" data-id=\"fc9d7bd\" data-element_type=\"widget\" data-widget_type=\"heading.default\">\n\t\t\t\t<div class=\"elementor-widget-container\">\n\t\t\t<h2 class=\"elementor-heading-title elementor-size-default\">Con lo spirito della Sacra Famiglia, nostro modello <\/h2>\t\t<\/div>\n\t\t\t\t<\/div>\n\t\t\t\t<div class=\"elementor-element elementor-element-0ad0543 elementor-widget elementor-widget-heading\" data-id=\"0ad0543\" data-element_type=\"widget\" data-widget_type=\"heading.default\">\n\t\t\t\t<div class=\"elementor-widget-container\">\n\t\t\t<h2 class=\"elementor-heading-title elementor-size-default\">Il nostro Padre Fondatore mise la Congregazione sotto la protezione della Sacra Famiglia e volle che essa ispirasse la nostra vita e fosse per noi un modello: \"... soprattutto nel suo spirito di preghiera, vita di famglia e disponibilit\u00e0 alla volont\u00e0 di Dio\" (cf. Cost. 6). La nostra Congregazione, sotto lo sguardo della Sacra Famiglia, vuole essere una famiglia di sorelle ed un\u2019autentica fraternit\u00e0 francescana.\nInoltre, \u201cLa famiglia di Nazareth ci spinge a creare un clima di famiglia, a prestare un'attenzione particolare nel promuovere relazioni autentiche e cristiane, attraverso il lavoro apostolico che svolgiamo\u201d (cf. Cost. 61). E a suo esempio siamo chiamate a praticare l'accoglienza, vivere la semplicit\u00e0, essere sensibili alla sofferenza e avere sollecitudine e dedizione speciale per accompagnare le famiglie e difendere la vita e la dignit\u00e0 delle donne e dei bambini.\n<\/h2>\t\t<\/div>\n\t\t\t\t<\/div>\n\t\t\t\t<div class=\"elementor-element elementor-element-8c406d5 elementor-widget elementor-widget-image\" data-id=\"8c406d5\" data-element_type=\"widget\" data-widget_type=\"image.default\">\n\t\t\t\t<div class=\"elementor-widget-container\">\n\t\t\t\t\t\t\t\t<div class=\"elementor-image\">\n\t\t\t\t\t\t\t\t\t\t\t\t<img width=\"1176\" height=\"686\" src=\"https:\/\/www.terciariascapuchinas.org\/it\/wp-content\/uploads\/2020\/10\/Captura-de-pantalla-2020-10-17-a-las-0.43.01.png\" class=\"attachment-full size-full\" alt=\"\" loading=\"lazy\" srcset=\"https:\/\/www.terciariascapuchinas.org\/it\/wp-content\/uploads\/2020\/10\/Captura-de-pantalla-2020-10-17-a-las-0.43.01.png 1176w, https:\/\/www.terciariascapuchinas.org\/it\/wp-content\/uploads\/2020\/10\/Captura-de-pantalla-2020-10-17-a-las-0.43.01-300x175.png 300w, https:\/\/www.terciariascapuchinas.org\/it\/wp-content\/uploads\/2020\/10\/Captura-de-pantalla-2020-10-17-a-las-0.43.01-1024x597.png 1024w, https:\/\/www.terciariascapuchinas.org\/it\/wp-content\/uploads\/2020\/10\/Captura-de-pantalla-2020-10-17-a-las-0.43.01-768x448.png 768w\" sizes=\"(max-width: 1176px) 100vw, 1176px\" \/>\t\t\t\t\t\t\t\t\t\t\t\t\t\t<\/div>\n\t\t\t\t\t\t<\/div>\n\t\t\t\t<\/div>\n\t\t\t\t<div class=\"elementor-element elementor-element-a00bb02 elementor-widget elementor-widget-heading\" data-id=\"a00bb02\" data-element_type=\"widget\" data-widget_type=\"heading.default\">\n\t\t\t\t<div class=\"elementor-widget-container\">\n\t\t\t<h2 class=\"elementor-heading-title elementor-size-default\">L'immagine della Sacra Famiglia che presiede l'omonima chiesa, nella nostra Casa Madre di Massamagrell (Valencia \u2013 Spagna) \u00e8 quella scelta dal nostro Fondatore, ancor prima della costruzione del tempio perch\u00e9 in essa vide riflesse le sue due congregazioni e desiderava vincolare la Famiglia di Nazareth alla nostra missione apostolica pi\u00fa significativa che \u00e8 quella di accompagnare bambini e giovani indifesi o a rischio di esclusione sociale.  E questa \u00e8 la missione che portiamo avanti fin dall'inizio della nostra Congregazione, in una casa vicino alla tomba di Padre Luigi e sotto la protezione dello sguardo della Sacra Famiglia. <\/h2>\t\t<\/div>\n\t\t\t\t<\/div>\n\t\t\t\t\t\t<\/div>\n\t\t\t\t\t<\/div>\n\t\t<\/div>\n\t\t\t\t\t\t\t\t<\/div>\n\t\t\t\t\t<\/div>\n\t\t<\/section>\n\t\t\t\t\t\t\t\t\t<\/div>\n\t\t\t<\/div>\n\t\t\t\t\t<\/div>\n\t\t","protected":false},"excerpt":{"rendered":"<p>Valori fondamentali della nostra forma di vita \u201cCon un abbandono totale e gratuito, seguiamo Ges\u00f9 Cristo attraverso i voti di obbedienza, povert\u00e0 e castit\u00e0\u201d (cf. Cost. 2). \u00abLa nostra forma di vita e regola suprema \u00e8 osservare il Santo Vangelo in comunit\u00e0 fraterna, minorit\u00e0 e penitenza, in comunione con la Chiesa e nella fedelt\u00e0 al [&hellip;]<\/p>\n","protected":false},"author":1,"featured_media":0,"parent":29,"menu_order":0,"comment_status":"closed","ping_status":"closed","template":"elementor_header_footer","meta":[],"_links":{"self":[{"href":"https:\/\/www.terciariascapuchinas.org\/it\/wp-json\/wp\/v2\/pages\/1274"}],"collection":[{"href":"https:\/\/www.terciariascapuchinas.org\/it\/wp-json\/wp\/v2\/pages"}],"about":[{"href":"https:\/\/www.terciariascapuchinas.org\/it\/wp-json\/wp\/v2\/types\/page"}],"author":[{"embeddable":true,"href":"https:\/\/www.terciariascapuchinas.org\/it\/wp-json\/wp\/v2\/users\/1"}],"replies":[{"embeddable":true,"href":"https:\/\/www.terciariascapuchinas.org\/it\/wp-json\/wp\/v2\/comments?post=1274"}],"version-history":[{"count":29,"href":"https:\/\/www.terciariascapuchinas.org\/it\/wp-json\/wp\/v2\/pages\/1274\/revisions"}],"predecessor-version":[{"id":5050,"href":"https:\/\/www.terciariascapuchinas.org\/it\/wp-json\/wp\/v2\/pages\/1274\/revisions\/5050"}],"up":[{"embeddable":true,"href":"https:\/\/www.terciariascapuchinas.org\/it\/wp-json\/wp\/v2\/pages\/29"}],"wp:attachment":[{"href":"https:\/\/www.terciariascapuchinas.org\/it\/wp-json\/wp\/v2\/media?parent=1274"}],"curies":[{"name":"wp","href":"https:\/\/api.w.org\/{rel}","templated":true}]}}